{"id":7385,"date":"2023-09-18T12:20:22","date_gmt":"2023-09-18T10:20:22","guid":{"rendered":"https:\/\/best.eus\/?page_id=7385"},"modified":"2025-10-31T13:01:28","modified_gmt":"2025-10-31T11:01:28","slug":"best2025-2","status":"publish","type":"page","link":"https:\/\/best.eus\/es\/","title":{"rendered":"2025"},"content":{"rendered":"<p>[vc_row section_type=\u00bbfullwidth\u00bb header_feature=\u00bbyes\u00bb margin_bottom=\u00bb0&#8243;][vc_column vertical_content_position=\u00bbmiddle\u00bb css=\u00bb.vc_custom_1752042569857{margin-bottom: 0px !important;border-bottom-width: 0px !important;padding-top: 50px !important;padding-bottom: 50px !important;background-color: #9d8eb8 !important;}\u00bb][rev_slider_vc alias=\u00bbbest-2025-eus-resumen-1&#8243;][\/vc_column][\/vc_row][vc_row bg_type=\u00bbcolor\u00bb bg_color=\u00bb#494949&#8243; padding_top=\u00bb50px\u00bb padding_bottom=\u00bb50px\u00bb margin_bottom=\u00bb50px\u00bb section_id=\u00bbegitaraua\u00bb][vc_column css=\u00bb.vc_custom_1667553305413{margin-top: 0px !important;border-top-width: 0px !important;padding-top: 0px !important;}\u00bb]<h1 class=\"grve-element grve-title grve-align-center grve-h1\" style=\"\"><span>PRESENTACI\u00d3N<\/span><\/h1>[\/vc_column][\/vc_row][vc_row][vc_column vertical_content_position=\u00bbmiddle\u00bb width=\u00bb1\/2&#8243;][vc_column_text css=\u00bb.vc_custom_1758713146659{margin-bottom: 0px !important;padding-top: 30px !important;padding-right: 20px !important;padding-bottom: 30px !important;padding-left: 20px !important;}\u00bb]<span style=\"font-size: medium;\">BEST \u2013 El Encuentro de Mujeres Creadoras de Bizkaia lleva cuatro a\u00f1os tejiendo una red de mujeres creadoras, d\u00e1ndoles visibilidad y fomentando la reflexi\u00f3n desde la colectividad feminista. El objetivo es crear red, subrayar la presencia de las mujeres y construir nuevas formas de entender la cultura desde la mirada del glotofeminismo y la interseccionalidad.<\/span><\/p>\n<p><span style=\"font-size: medium;\">En esta edici\u00f3n los ejes principales ser\u00e1n la situaci\u00f3n de las mujeres m\u00fasicos de Bizkaia, las resistencias de las mujeres creativas y los debates sobre la \u00abuniversalidad\u00bb hegem\u00f3nica. Este a\u00f1o, adem\u00e1s, la homenajeada ser\u00e1 Bizenta Antonia Mogel Elgezabal, la primera mujer escritora que escribi\u00f3 en euskera, como reconocimiento a su liderazgo y valent\u00eda.<\/span><\/p>\n<p><span style=\"font-size: medium;\">La identidad visual de la edici\u00f3n ha sido creada por Irati Merino. En el trabajo de dise\u00f1o se nota el gui\u00f1o a Bizenta Antonia Mogel Elgezabal: la elecci\u00f3n de la tipograf\u00eda de letras de imprenta, la imagen de puntas cl\u00e1sicas para escribir y el simbolismo de la \u00fanica punta pintada en oro. De esta forma, la imagen se suma al liderazgo de la homenajeada y a la presencia de mujeres creativas actuales.<\/span><\/p>\n<p><span style=\"font-size: medium;\"><b>M\u00e1s informaci\u00f3n:\u00a0 <\/b><\/span><span style=\"font-size: medium;\">Zelako Kultur Ideiak\u00a0 <\/span><span style=\"font-size: medium;\">[Itxaso Paya Ruiz]<\/span>[\/vc_column_text][vc_row_inner css=\u00bb.vc_custom_1758713165643{margin-bottom: 20px !important;}\u00bb][vc_column_inner css=\u00bb.vc_custom_1758713604072{padding-right: 40px !important;padding-left: 40px !important;}\u00bb]<div class=\"grve-element grve-box-icon grve-align-left grve-small\" style=\"\"><a href=\"mailto:info@zelako.eus\" target=\"_self\" class=\"\">  <div class=\"grve-wrapper-icon grve-no-shape grve-text-grey\"><i class=\"fas fa-envelope grve-text-grey\"><\/i><\/div>  <div class=\"grve-box-content\">    <p class=\"\">info@zelako.eus<\/p>  <\/div><\/a><\/div><div class=\"grve-element grve-box-icon grve-align-left grve-small\" style=\"\"><a href=\"tel:688778052\" target=\"_self\" class=\"\">  <div class=\"grve-wrapper-icon grve-no-shape grve-text-grey\"><i class=\"fas fa-phone-alt grve-text-grey\"><\/i><\/div>  <div class=\"grve-box-content\">    <p class=\"\">688778052<\/p>  <\/div><\/a><\/div><div class=\"grve-element grve-box-icon grve-align-left grve-small\" style=\"\"><a href=\"https:\/\/www.instagram.com\/bestopaketak\/\" target=\"_blank\" class=\"\">  <div class=\"grve-wrapper-icon grve-no-shape grve-text-grey\"><i class=\"fab fa-instagram grve-text-grey\"><\/i><\/div>  <div class=\"grve-box-content\">    <p class=\"\">@bestopaketak<\/p>  <\/div><\/a><\/div>[\/vc_column_inner][\/vc_row_inner][\/vc_column][vc_column width=\u00bb1\/2&#8243; css=\u00bb.vc_custom_1758704280139{margin-top: px !important;margin-bottom: -40px !important;border-top-width: 0px !important;border-right-width: 0px !important;border-bottom-width: 0px !important;border-left-width: 0px !important;padding-top: 0px !important;padding-bottom: 0px !important;border-left-color: #0a0a0a !important;border-left-style: solid !important;border-right-color: #0a0a0a !important;border-right-style: solid !important;border-top-color: #0a0a0a !important;border-top-style: solid !important;border-bottom-color: #0a0a0a !important;border-bottom-style: solid !important;}\u00bb]<div class=\"grve-element grve-box grve-align-right grve-animated-item grve-zoomIn\" style=\"\" data-delay=\"200\"><figure class=\"grve-image-hover grve-zoom-in\">\t<div class=\"grve-media\">\t\t<div class=\"grve-bg-light grve-hover-overlay grve-opacity-0\"><\/div><img loading=\"lazy\" decoding=\"async\" width=\"1810\" height=\"2560\" src=\"https:\/\/best.eus\/wp-content\/uploads\/2025\/09\/BEST_2025_EGITARAUA_01-scaled.jpg\" class=\"attachment-full size-full\" alt=\"\" srcset=\"https:\/\/best.eus\/wp-content\/uploads\/2025\/09\/BEST_2025_EGITARAUA_01-scaled.jpg 1x,https:\/\/best.eus\/wp-content\/uploads\/2025\/09\/BEST_2025_EGITARAUA_01-scaled.jpg 2x\" \/>\t<\/div><\/figure>  <div class=\"grve-box-content\"><h3 class=\"grve-box-title grve-h3\">Programa<\/h3>    <p><\/p>  <\/div><\/div>[\/vc_column][\/vc_row][vc_row bg_type=\u00bbcolor\u00bb bg_color=\u00bb#494949&#8243; padding_top=\u00bb50px\u00bb padding_bottom=\u00bb50px\u00bb margin_bottom=\u00bb40px\u00bb section_id=\u00bbegitaraua\u00bb][vc_column css=\u00bb.vc_custom_1667553305413{margin-top: 0px !important;border-top-width: 0px !important;padding-top: 0px !important;}\u00bb]<h1 class=\"grve-element grve-title grve-align-center grve-h1\" style=\"\"><span>PROGRAMA<\/span><\/h1>[\/vc_column][\/vc_row][vc_row][vc_column][vc_column_text]<strong><span style=\"font-size: medium;\">Exposici\u00f3n: Mujeres del \u00e1mbito musical de Bizkaia desde el glotofeminismo<\/span><\/strong><\/p>\n<p><span style=\"font-size: medium;\">Euskararen Etxea \u2013 Sala Mintzo<br \/>\n29 septiembre \u2013 15 octubre<\/span>[\/vc_column_text][\/vc_column][\/vc_row][vc_row][vc_column][vc_column_text]<\/p>\n<p style=\"text-align: left;\"><span style=\"font-size: medium;\">La exposici\u00f3n analiza la situaci\u00f3n de las mujeres en el \u00e1mbito musical de Bizkaia desde el punto de vista del glotofeminismo. Se visualizar\u00e1n los retos a los que se enfrentan las estas creadoras: falta de visibilidad, masculinizaci\u00f3n del espacio p\u00fablico, brechas de g\u00e9nero y retos en el uso de lenguas minorizadas.<\/span><\/p>\n<p style=\"text-align: left;\"><span style=\"font-size: medium;\">Este trabajo ha sido creado por Mar Molina y Alaitz Urrutia a trav\u00e9s de datos, testimonios y materiales audiovisuales. La muestra ofrece un formato visual y experimental que sumerge al p\u00fablico en un espacio activo de reflexi\u00f3n.<\/span><\/p>\n<p>[\/vc_column_text][\/vc_column][\/vc_row][vc_row][vc_column][vc_column_text css=\u00bb.vc_custom_1758707022700{margin-top: 40px !important;}\u00bb]<strong><span style=\"font-size: medium;\">Encuentro 4 octubre\u00a0 |\u00a0 Bizkaia Aretoa, exterior Guggenheim y r\u00eda<\/span><\/strong>[\/vc_column_text][\/vc_column][\/vc_row][vc_row][vc_column width=\u00bb1\/2&#8243;][vc_column_text]<strong>PROGRAMA MA\u00d1ANA: MESA REDONDAS (BIZKAIA ARETEA)<\/strong>[\/vc_column_text][vc_tta_accordion active_section=\u00bb\u00bb collapsible_all=\u00bbtrue\u00bb css=\u00bb.vc_custom_1758700057509{background-color: #9d8eb8 !important;}\u00bb][vc_tta_section title=\u00bb10:30 \u2013 11:45 | X veces rebelde\u00bb tab_id=\u00bb1758699909066-bc03d019-7f56&#8243;][vc_column_text]<span style=\"font-size: medium; color: white;\">Participantes: Yolanda Arrieta, Afrika Bibang, Iratxe Fresneda<\/span><\/p>\n<p><span style=\"font-size: medium; color: white;\">Moderadora: Leire Palacios<\/span><\/p>\n<p><span style=\"font-size: medium; color: white;\">Esta mesa redonda tomar\u00e1 como punto de partida la rebeld\u00eda tripartita del poema de Maria-Merc\u00e8 Mar\u00e7al: ser mujer, ser de clase baja y pertenecer a una naci\u00f3n oprimida. A ello se a\u00f1aden desde la perspectiva actual otros ejes como la racializaci\u00f3n, la discriminaci\u00f3n por raz\u00f3n de edad, el menosprecio de las lenguas minoritarias y las condiciones laborales precarias.<\/span><\/p>\n<p><span style=\"font-size: medium; color: white;\">Los ponentes explicar\u00e1n a partir de sus experiencias art\u00edsticas y profesionales c\u00f3mo afecta la interseccionalidad a sus trayectorias y c\u00f3mo convierten la creaci\u00f3n en el espacio de una resistencia pol\u00edtica y est\u00e9tica.<\/span><\/p>\n<p><span style=\"font-size: medium; color: white;\">Esta mesa redonda tiene como objetivo abrir nuevas perspectivas en torno a las condiciones laborales, el reconocimiento y el valor cultural de las mujeres creadoras, siempre en el marco del feminismo y el glotofeminismo.<\/span>[\/vc_column_text][\/vc_tta_section][\/vc_tta_accordion][vc_tta_accordion active_section=\u00bb\u00bb collapsible_all=\u00bbtrue\u00bb css=\u00bb.vc_custom_1758700679235{background-color: #84b2af !important;}\u00bb][vc_tta_section title=\u00bb11:45 \u2013 12:15 | Wikiemakumeak\u00bb tab_id=\u00bb1758700540051-cc412ac1-5cf3&#8243;][vc_column_text]<\/p>\n<ul>\n<li style=\"color: white; font-size: medium;\">Entre ambas mesas redondas, el grupo Wikiemakumeak (Marisa Barrena) presentar\u00e1 su proyecto: crear\u00e1n o actualizar\u00e1n los perfiles de Wikipedia de las creadoras que participan en BEST, para garantizar la visibilidad digital y reforzar la memoria colectiva de las mujeres creativas.<\/li>\n<\/ul>\n<p>[\/vc_column_text][\/vc_tta_section][\/vc_tta_accordion][vc_tta_accordion active_section=\u00bb\u00bb collapsible_all=\u00bbtrue\u00bb css=\u00bb.vc_custom_1758700702307{background-color: #9d8eb8 !important;}\u00bb][vc_tta_section title=\u00bb12:15 \u2013 13:30 | Lo universal no, lo otro\u00bb tab_id=\u00bb1758699971098-954bd968-1a74&#8243;][vc_column_text]<span style=\"font-size: medium; color: white;\">Participantes: Ana Goitia, Laura Penagos, Vera Alonso<\/span><\/p>\n<p><span style=\"font-size: medium; color: white;\">Moderadora: Leire Palacios<\/span><\/p>\n<p><span style=\"font-size: medium; color: white;\">Esta mesa redonda analizar\u00e1 c\u00f3mo a lo largo de la historia se ha construido la \u00abuniversalidad\u00bb hegem\u00f3nica en nombre del arte y la cultura: desde la perspectiva del hombre blanco, occidental y heteronormativo, dejando al margen todas las otras identidades y voces.<\/span><\/p>\n<p><span style=\"font-size: medium; color: white;\">El debate se centrar\u00e1 en qu\u00e9 y qui\u00e9n nombra el \u00abuniversal\u00bb y cu\u00e1les son las consecuencias de esta categor\u00eda en la invisibilidad de las mujeres, de los racializados, de los miembros de la comunidad LGTBIQ+ y de quienes la generan en lenguas minoritarias.<\/span><\/p>\n<p><span style=\"font-size: medium; color: white;\">Las ponentes reflexionar\u00e1n sobre qu\u00e9 mecanismos estructurales han acallado estas voces y qu\u00e9 estrategias colectivas y feministas se pueden poner en marcha para poner en el centro esas voces marginadas. La mesa redonda servir\u00e1 de instrumento para compartir propuestas que provoquen un cambio en las pol\u00edticas culturales, en los sistemas educativos y en las producciones art\u00edsticas.<\/span>[\/vc_column_text][\/vc_tta_section][\/vc_tta_accordion][\/vc_column][vc_column width=\u00bb1\/2&#8243;][vc_column_text]<strong>PROGRAMA TARDE<\/strong>[\/vc_column_text][vc_tta_accordion active_section=\u00bb\u00bb collapsible_all=\u00bbtrue\u00bb css=\u00bb.vc_custom_1758699773629{background-color: #84b2af !important;}\u00bb][vc_tta_section title=\u00bb14:00-16:00 | Picoteo art\u00edstico en el barco de Bilboats\u00bb tab_id=\u00bb1758637055843-716a768d-ad15&#8243;][vc_column_text]<\/p>\n<p align=\"LEFT\"><span style=\"font-size: medium; color: white;\">Participar\u00e1n las ponentes de las mesas redondas, las creadores de la exposici\u00f3n y las artistas que han contribuido a completar el programa del BEST, junto a personas de la organizaci\u00f3n y colaboradoras.<\/span><\/p>\n<p align=\"LEFT\"><span style=\"font-size: medium; color: white;\">Se trata de un acto cerrado al p\u00fablico, solamente pudiendo acceder con invitaci\u00f3n.<\/span><\/p>\n<p align=\"LEFT\"><span style=\"font-size: medium; color: white;\">Varias personas podr\u00e1n acceder a este acto a trav\u00e9s de los sorteos celebrados en Pikara, Bizkaia Irratia y Berria.<\/span><\/p>\n<p align=\"LEFT\"><span style=\"font-size: medium; color: white;\">* Acci\u00f3n no abierta al p\u00fablico.<\/span><\/p>\n<p align=\"LEFT\"><span style=\"font-size: medium; color: white;\">* Para el resto de actividades la participaci\u00f3n ser\u00e1 libre (hasta completar aforo).<\/span><\/p>\n<p>[\/vc_column_text][\/vc_tta_section][\/vc_tta_accordion][vc_tta_accordion active_section=\u00bb\u00bb collapsible_all=\u00bbtrue\u00bb css=\u00bb.vc_custom_1758699429679{background-color: #9d8eb8 !important;}\u00bb][vc_tta_section title=\u00bb17:00 | Performance en la explanada del Guggenheim\u00bb tab_id=\u00bb1758699414390-6904dfd6-fd64&#8243;][vc_column_text]<span style=\"font-size: medium; color: white;\">Amaiur Mac\u00edas y Olfa Sendesni se encargar\u00e1n de la performance, representando una red colectiva entre mujeres creadoras. Lo har\u00e1n en euskera y \u00e1rabe, subrayando la fuerza de la diversidad ling\u00fc\u00edstica.<\/span>[\/vc_column_text][\/vc_tta_section][\/vc_tta_accordion][vc_tta_accordion active_section=\u00bb\u00bb collapsible_all=\u00bbtrue\u00bb css=\u00bb.vc_custom_1758699783278{background-color: #84b2af !important;}\u00bb][vc_tta_section title=\u00bb18:00 | Pieza esc\u00e9nica en Bizkaia Aretoa\u00bb tab_id=\u00bb1758699500376-0ced1aee-b69b\u00bb][vc_column_text]<span style=\"font-size: medium; color: white;\">Se presentar\u00e1 el resultado de la Residencia Art\u00edstica BEST. La pieza esc\u00e9nica est\u00e1 dirigida por Miren Gazta\u00f1aga, y en el escenario estar\u00e1n Getari Etxegarai, Mar\u00eda Urcelay y Garazi Navas.<\/span><\/p>\n<p><span style=\"font-size: medium; color: white;\">Se basar\u00e1 en el concepto de ecfrasia, una pieza esc\u00e9nica que combina la interpretaci\u00f3n del arte con la experiencia colectiva, profundizando en la experimentaci\u00f3n e incidiendo en la profesionalizaci\u00f3n del proceso.<\/span>[\/vc_column_text][\/vc_tta_section][\/vc_tta_accordion][\/vc_column][\/vc_row][vc_row][vc_column][vc_column_text css=\u00bb.vc_custom_1758711646159{margin-top: 40px !important;}\u00bb]<strong><span style=\"font-size: medium;\">Servicios a prestar en ambas mesas redondas:<\/span><\/strong><\/p>\n<ul>\n<li><span style=\"font-size: medium;\">Traducci\u00f3n simultanea (euskera y castellano).<\/span><\/li>\n<li><span style=\"font-size: medium;\">Streaming en directo para que cualquiera pueda seguirlo desde casa.<\/span><\/li>\n<\/ul>\n<p><span style=\"font-size: medium;\">Las conclusiones extra\u00eddas en las mesas redondas no se limitar\u00e1n a estos d\u00edas: servir\u00e1n de base a un proyecto de investigaci\u00f3n que emprender\u00e1 Aiala Garabieta.<\/span>[\/vc_column_text][\/vc_column][\/vc_row][vc_row][vc_column][vc_column_text css=\u00bb.vc_custom_1758712380189{margin-bottom: 40px !important;}\u00bb]<\/p>\n<p style=\"text-align: left;\"><strong><span style=\"font-size: medium;\">Homenajeada: Bizenta Antonia Mogel Elgezabal<\/span><\/strong><\/p>\n<p style=\"text-align: left;\"><span style=\"font-size: medium;\">En la edici\u00f3n de 2025, la homenajeada ser\u00e1 Bizenta Antonia Mogel Elgezabal (1782 \u2013 1854). Fue la primera mujer escritora que escribi\u00f3 en euskera y su valent\u00eda y liderazgo abrieron nuevos caminos tanto para las mujeres como para el euskera.<\/span><\/p>\n<p style=\"text-align: left;\"><span style=\"font-size: medium;\">En homenaje a Bizenta Antonia Mogel Elgezabal, esta edici\u00f3n de BEST reivindica la presencia y aportaci\u00f3n de las mujeres creadoras como puente del pasado al futuro.<\/span><\/p>\n<p>[\/vc_column_text][\/vc_column][\/vc_row][vc_row bg_type=\u00bbcolor\u00bb bg_color=\u00bb#494949&#8243; padding_top=\u00bb50px\u00bb padding_bottom=\u00bb50px\u00bb margin_bottom=\u00bb40px\u00bb section_id=\u00bbegitaraua\u00bb][vc_column css=\u00bb.vc_custom_1667553305413{margin-top: 0px !important;border-top-width: 0px !important;padding-top: 0px !important;}\u00bb]<h1 class=\"grve-element grve-title grve-align-center grve-h1\" style=\"\"><span>Colaboraci\u00f3n<\/span><\/h1>[\/vc_column][\/vc_row][vc_row margin_bottom=\u00bb40&#8243;][vc_column][vc_column_text]<strong><span style=\"font-size: medium;\">Amplia colaboraci\u00f3n<\/span><\/strong><\/p>\n<p><span style=\"font-size: medium;\">BEST 2025 no ser\u00eda posible sin la colaboraci\u00f3n de EHU, Mondragon Unibertsitatea, Euskararen Etxea, Wikiemakumeak, La Terminal, Berria, Pikara, Bizkaia Irratia, Bilboats, Dana Sormen Gunea y la Diputaci\u00f3n Foral de Bizkaia.<\/span><\/p>\n<p><strong><span style=\"font-size: medium;\">Red feminista y v\u00edas de futuro<\/span><\/strong><\/p>\n<p><span style=\"font-size: medium;\">Los Encuentros BEST no son s\u00f3lo un conjunto de festivales o eventos: son un espacio para tejer una red s\u00f3lida entre mujeres creativas para fortalecer la comunidad y transformar la sociedad desde la cultura.<\/span><\/p>\n<p><span style=\"font-size: medium;\">En la edici\u00f3n de 2025, la exposici\u00f3n, las mesas redondas y las performances no ser\u00e1n acciones aisladas: ser\u00e1n el punto de partida de una investigaci\u00f3n y la llave para el futuro de la creaci\u00f3n feminista.<\/span>[\/vc_column_text][\/vc_column][\/vc_row][vc_row][vc_column][\/vc_column][\/vc_row]<\/p>\n","protected":false},"excerpt":{"rendered":"<p>[vc_row section_type=\u00bbfullwidth\u00bb header_feature=\u00bbyes\u00bb margin_bottom=\u00bb0&#8243;][vc_column vertical_content_position=\u00bbmiddle\u00bb css=\u00bb.vc_custom_1752042569857{margin-bottom: 0px !important;border-bottom-width: 0px !important;padding-top: 50px !important;padding-bottom: 50px !important;background-color: #9d8eb8 !important;}\u00bb][rev_slider_vc alias=\u00bbbest-2025-eus-resumen-1&#8243;][\/vc_column][\/vc_row][vc_row bg_type=\u00bbcolor\u00bb bg_color=\u00bb#494949&#8243; padding_top=\u00bb50px\u00bb padding_bottom=\u00bb50px\u00bb margin_bottom=\u00bb50px\u00bb section_id=\u00bbegitaraua\u00bb][vc_column css=\u00bb.vc_custom_1667553305413{margin-top: 0px !important;border-top-width: 0px !important;padding-top: 0px !important;}\u00bb][\/vc_column][\/vc_row][vc_row][vc_column vertical_content_position=\u00bbmiddle\u00bb width=\u00bb1\/2&#8243;][vc_column_text css=\u00bb.vc_custom_1758713146659{margin-bottom: 0px !important;padding-top: 30px !important;padding-right: 20px !important;padding-bottom: 30px !important;padding-left: 20px !important;}\u00bb]BEST \u2013 El Encuentro de Mujeres Creadoras de Bizkaia lleva cuatro a\u00f1os tejiendo [&hellip;]<\/p>\n","protected":false},"author":3,"featured_media":0,"parent":0,"menu_order":0,"comment_status":"closed","ping_status":"closed","template":"","meta":{"footnotes":""},"class_list":["post-7385","page","type-page","status-publish","hentry"],"_links":{"self":[{"href":"https:\/\/best.eus\/es\/wp-json\/wp\/v2\/pages\/7385","targetHints":{"allow":["GET"]}}],"collection":[{"href":"https:\/\/best.eus\/es\/wp-json\/wp\/v2\/pages"}],"about":[{"href":"https:\/\/best.eus\/es\/wp-json\/wp\/v2\/types\/page"}],"author":[{"embeddable":true,"href":"https:\/\/best.eus\/es\/wp-json\/wp\/v2\/users\/3"}],"replies":[{"embeddable":true,"href":"https:\/\/best.eus\/es\/wp-json\/wp\/v2\/comments?post=7385"}],"version-history":[{"count":177,"href":"https:\/\/best.eus\/es\/wp-json\/wp\/v2\/pages\/7385\/revisions"}],"predecessor-version":[{"id":7603,"href":"https:\/\/best.eus\/es\/wp-json\/wp\/v2\/pages\/7385\/revisions\/7603"}],"wp:attachment":[{"href":"https:\/\/best.eus\/es\/wp-json\/wp\/v2\/media?parent=7385"}],"curies":[{"name":"wp","href":"https:\/\/api.w.org\/{rel}","templated":true}]}}